{"id":19298,"date":"2025-03-03T14:06:09","date_gmt":"2025-03-03T13:06:09","guid":{"rendered":"https:\/\/rt-ecologique.fr\/?page_id=19298"},"modified":"2025-03-03T14:06:10","modified_gmt":"2025-03-03T13:06:10","slug":"mentions-legales","status":"publish","type":"page","link":"https:\/\/rt-ecologique.fr\/?page_id=19298","title":{"rendered":"Mentions l\u00e9gales"},"content":{"rendered":"\n<h1 class=\"wp-block-heading\">Mentions l\u00e9gales<\/h1>\n\n\n\n<p>L\u2019acc\u00e8s et l\u2019utilisation de ce site sont soumis aux conditions suivantes<br>ainsi qu\u2019aux dispositions l\u00e9gales en vigueur.<\/p>\n\n\n\n<p>En acc\u00e9dant et naviguant sur ce site, vous acceptez, sans limitation ni r\u00e9serves, ces conditions et vous reconnaissez qu\u2019elles pr\u00e9valent sur tous autres accords \u00e9ventuels entre nous.<\/p>\n\n\n\n<h2 class=\"wp-block-heading\">Propri\u00e9t\u00e9 du site<\/h2>\n\n\n\n<p>Le pr\u00e9sent site est la propri\u00e9t\u00e9 de la soci\u00e9t\u00e9 R\u00e9seau Transition Ecologique :<\/p>\n\n\n\n<p>R\u00e9seau Transition Ecologique<br>AGENCE RTE 9 BIS RUE FAUBOURG GOURDON <br>49600 BEAUPREAU -EN -MAUGES<br><br>France<br>Tel. + 33 (0)2 53 69 72 81<br>RCS Angers 921 652 905<\/p>\n\n\n\n<h2 class=\"wp-block-heading\">H\u00e9bergement<\/h2>\n\n\n\n<p>L\u2019h\u00e9bergement de ce site est assur\u00e9 par la soci\u00e9t\u00e9<br>OVH<br>SAS au capital de 10 000 000 \u20ac<br>RCS Roubaix \u2013 Tourcoing 424 761 419 00045<br>Code APE 6202A<br>N\u00b0 TVA : FR 22 424 761 419<br>Si\u00e8ge social : 2 rue Kellermann \u2013 59100 Roubaix \u2013 France.<\/p>\n\n\n\n<h2 class=\"wp-block-heading\">Propri\u00e9t\u00e9 intellectuelle<\/h2>\n\n\n\n<p>L\u2019ensemble de ce site rel\u00e8ve de la l\u00e9gislation fran\u00e7aise et internationale sur le droit d\u2019auteur et la propri\u00e9t\u00e9 intellectuelle.<\/p>\n\n\n\n<p>Tous les droits de reproduction sont r\u00e9serv\u00e9s, y compris pour les documents t\u00e9l\u00e9chargeables et les repr\u00e9sentations iconographiques et photographiques.<\/p>\n\n\n\n<p>Le contenu du site est, sauf mention contraire, la propri\u00e9t\u00e9 de la soci\u00e9t\u00e9 R\u00e9seau Transition Ecologique. En cons\u00e9quence et sauf mention contraire, toute utilisation des contenus du site ne peut \u00eatre faite que moyennant l\u2019autorisation \u00e9crite de la soci\u00e9t\u00e9 R\u00e9seau Transition Ecologique dont celle-ci reste seul juge.<\/p>\n\n\n\n<p>Toute reproduction ou repr\u00e9sentation m\u00eame partielle par quelque proc\u00e9d\u00e9 que ce soit, r\u00e9alis\u00e9e sans le consentement \u00e9crit de la soci\u00e9t\u00e9 R\u00e9seau Transition Ecologique est interdite et illicite. Le non-respect de cette interdiction constitue une contrefa\u00e7on pouvant engager la responsabilit\u00e9 civile et p\u00e9nale du contrefacteur<\/p>\n\n\n\n<h2 class=\"wp-block-heading\">Protection des donn\u00e9es personnelles<\/h2>\n\n\n\n<p>Conform\u00e9ment \u00e0 la loi \u00ab Informatique et Libert\u00e9s \u00bb, vous disposez d\u2019un droit d\u2019acc\u00e8s, de modification et de suppression des donn\u00e9es qui vous concernent (Loi du 6 janvier 1978 Informatique et libert\u00e9).<\/p>\n\n\n\n<p>Pour l\u2019exercer, vous pouvez contacter la soci\u00e9t\u00e9 R\u00e9seau Transition Ecologique (voir coordonn\u00e9es plus haut).<\/p>\n\n\n\n<p>Pour en savoir plus sur la protection des donn\u00e9es personnelles et sur l\u2019utilisation de celles-ci sur notre site internet, consultez notre page \u201c<a href=\"\/donnees-personnelles\">Donn\u00e9es Personnelles<\/a>\u201c.<\/p>\n","protected":false},"excerpt":{"rendered":"<p>Mentions l\u00e9gales L\u2019acc\u00e8s et l\u2019utilisation de ce site sont soumis aux conditions suivantesainsi qu\u2019aux dispositions l\u00e9gales en vigueur. En acc\u00e9dant et naviguant sur ce site, vous acceptez, sans limitation ni r\u00e9serves, ces conditions et vous reconnaissez qu\u2019elles pr\u00e9valent sur tous autres accords \u00e9ventuels entre nous. Propri\u00e9t\u00e9 du site Le pr\u00e9sent site est la propri\u00e9t\u00e9 de [&hellip;]<\/p>\n","protected":false},"author":4,"featured_media":0,"parent":0,"menu_order":0,"comment_status":"closed","ping_status":"closed","template":"","meta":{"_acf_changed":false,"footnotes":""},"class_list":["post-19298","page","type-page","status-publish","hentry"],"acf":[],"_links":{"self":[{"href":"https:\/\/rt-ecologique.fr\/index.php?rest_route=\/wp\/v2\/pages\/19298","targetHints":{"allow":["GET"]}}],"collection":[{"href":"https:\/\/rt-ecologique.fr\/index.php?rest_route=\/wp\/v2\/pages"}],"about":[{"href":"https:\/\/rt-ecologique.fr\/index.php?rest_route=\/wp\/v2\/types\/page"}],"author":[{"embeddable":true,"href":"https:\/\/rt-ecologique.fr\/index.php?rest_route=\/wp\/v2\/users\/4"}],"replies":[{"embeddable":true,"href":"https:\/\/rt-ecologique.fr\/index.php?rest_route=%2Fwp%2Fv2%2Fcomments&post=19298"}],"version-history":[{"count":1,"href":"https:\/\/rt-ecologique.fr\/index.php?rest_route=\/wp\/v2\/pages\/19298\/revisions"}],"predecessor-version":[{"id":19299,"href":"https:\/\/rt-ecologique.fr\/index.php?rest_route=\/wp\/v2\/pages\/19298\/revisions\/19299"}],"wp:attachment":[{"href":"https:\/\/rt-ecologique.fr\/index.php?rest_route=%2Fwp%2Fv2%2Fmedia&parent=19298"}],"curies":[{"name":"wp","href":"https:\/\/api.w.org\/{rel}","templated":true}]}}